{"id":795,"date":"2013-08-13T14:59:02","date_gmt":"2013-08-13T12:59:02","guid":{"rendered":"http:\/\/suchtpraevention-eschwege.de\/?page_id=795"},"modified":"2014-01-13T16:58:24","modified_gmt":"2014-01-13T14:58:24","slug":"plakataktion","status":"publish","type":"page","link":"https:\/\/suchtpraevention-eschwege.de\/?page_id=795","title":{"rendered":"Plakataktion"},"content":{"rendered":"<p><strong>Plakataktion &#8222;ErLeben, wovon das Leben wirklich &#8218;abh\u00e4ngt&#8216;<\/strong><\/p>\n<p>Durch verschiedene Kampagnen, insbesondere auch Plakataktionen, ist in den letzten Jahren versucht worden, die \u00d6ffentlichkeit f\u00fcr das Thema Suchtpr\u00e4vention zu sensibilisieren und dabei ein allgemeines Verst\u00e4ndnis f\u00fcr die Ursachenvielfalt s\u00fcchtigen Verhaltens zu schaffen. Bei all diesen Aktionen, die durchweg sehr ansprechend und aussagekr\u00e4ftig sind, fehlte uns jedoch der <b>regionale Bezug<\/b>. Mit den Aussagen der Plakat(Aktionen) konnte man sich identifizieren, nicht aber mit den abgebildeten Personen.<\/p>\n<p>In einigen intensiven Gespr\u00e4chen mit der Eschweger Werbeagentur \u201aKrei\u00dfler Werbung und So\u2018 entwickelten wir dann die Kampagne mit dem Ziel, zusammen mit Jugendlichen aus Schulen des Werra-Mei\u00dfner-Kreises ein <b>Plakat <\/b>zur Suchtpr\u00e4vention zu entwickeln.<\/p>\n<p><a href=\"https:\/\/suchtpraevention-eschwege.de\/wp-content\/uploads\/2013\/08\/plakat2.bmp\"><img loading=\"lazy\" decoding=\"async\" class=\" wp-image-1002 alignleft\" alt=\"plakat2\" src=\"https:\/\/suchtpraevention-eschwege.de\/wp-content\/uploads\/2013\/08\/plakat2.bmp\" width=\"288\" height=\"411\" \/><\/a>\u00a0 Es sollten <b>Fotocollagen<\/b> entstehen, die m\u00f6glichst authentisch <b>Alltags<i>(er)Leben<\/i><\/b> Jugendlicher abbilden.<\/p>\n<p>Die Jugendlichen sollten<\/p>\n<ul>\n<li>sich mit Fragen von <b>Suchtentstehung und -ursachen<\/b> auseinandersetzen<\/li>\n<li>herausfinden und erfahren, welche <b>\u201aSchutzfaktoren\u2018 <\/b>es vor Sucht gibt<\/li>\n<li>diese in <b>Fotos<\/b> und jugendgem\u00e4\u00dfe <b>Slogans<\/b> umsetzen<\/li>\n<\/ul>\n<p>Die Plakate sollten <b>provozieren<\/b>, <b>Fragen wecken<\/b> und Menschen in der <b>Region miteinander ins Gespr\u00e4ch <\/b>bringen.<\/p>\n<p>Ausschlaggebend war auch die Idee, die Fotos in einem professionellen Fotoatelier erstellen zu lassen und die Plakate selbst m\u00f6glichst aufwendig und hochwertig zu gestalten.<\/p>\n<p><strong>Der werbetechnische Ansatz\u00a0 (aus der Sicht von Krei\u00dfler Werbung und So).<\/strong><\/p>\n<p><a href=\"https:\/\/suchtpraevention-eschwege.de\/wp-content\/uploads\/2013\/08\/plakat2.jpg\"><img loading=\"lazy\" decoding=\"async\" class=\" wp-image-1003 alignleft\" alt=\"plakat2\" src=\"https:\/\/suchtpraevention-eschwege.de\/wp-content\/uploads\/2013\/08\/plakat2-216x300.jpg\" width=\"216\" height=\"300\" srcset=\"https:\/\/suchtpraevention-eschwege.de\/wp-content\/uploads\/2013\/08\/plakat2-216x300.jpg 216w, https:\/\/suchtpraevention-eschwege.de\/wp-content\/uploads\/2013\/08\/plakat2.jpg 480w\" sizes=\"auto, (max-width: 216px) 100vw, 216px\" \/><\/a>Suchtvorbeugung zu bewerben ist ein sensibles Thema. Die vorhandenen Kampagnen in diesem Bereich sind unserer Meinung nach zu allgemein und anonym, die Zielgruppe werden nur teilweise angesprochen. Wir wollten eine L\u00f6sung finden, durch die sich die Jugendlichen in unserem Lebensraum vor Ort direkt angesprochen f\u00fchlen sollten. Es musste also ein neuer Weg gew\u00e4hlt werden, der Neugierde und Interesse weckt.<br \/>\nAls ortsans\u00e4ssige Werbeagentur war es unsere Aufgabe, eine innovative Kampagne zu kreieren, die im regionalen Bereich besonders die Jugendlichen anspricht und zum Nachdenken anregt.<br \/>\nWir wollten durch gezielte Visualisierung einen pers\u00f6nlichen Bezug herstellen.<br \/>\nIn Zusammenarbeit mit der Fachstelle f\u00fcr Suchtpr\u00e4vention haben wir eine Kampagne f\u00fcr Schulen entwickelt. Die Suchtpr\u00e4vention sprach und arbeitete mit den Sch\u00fclern der hiesigen Region im Unterricht \u00fcber das Thema Sucht. Durch Aufkl\u00e4rungsgespr\u00e4che wurden die Sch\u00fcler motiviert, ungezwungener \u00fcber das Thema Sucht zu reden.<br \/>\nUnsere Idee war es, eine Plakatserie in Multivision zu kreieren, in der sich die Sch\u00fcler mit eigenen Ideen einbringen und wo sich die Jugendlichen vielleicht wieder finden. Nach dem Motto ,,Die kenn ich, ich bin eine von Euch&#8230;&#8220; Durch spontan dargestellte Situationen wollten wir eine breite Masse ansprechen. So entstand die Serie ,,ErLeben, wovon das Leben wirklich abh\u00e4ngt&#8220;. Die Sch\u00fcler haben sich im Unterricht auf das Fotoshooting vorbereitet. Sie haben selbst starke Themen entwickelt, die wir dann per Fotografie visualisiert haben. Es entstanden lustige Eyecatcher.<br \/>\nAuf den entstandenen Plakaten pr\u00e4sentieren sich Multivisionen in Wort und Bild &#8211; ein Spiegelbild der jugendlichen Denkweise.<\/p>\n<p><a href=\"https:\/\/suchtpraevention-eschwege.de\/wp-content\/uploads\/2013\/08\/plakat3.jpg\"><img loading=\"lazy\" decoding=\"async\" class=\" wp-image-1004 alignleft\" alt=\"plakat3\" src=\"https:\/\/suchtpraevention-eschwege.de\/wp-content\/uploads\/2013\/08\/plakat3-213x300.jpg\" width=\"213\" height=\"300\" srcset=\"https:\/\/suchtpraevention-eschwege.de\/wp-content\/uploads\/2013\/08\/plakat3-213x300.jpg 213w, https:\/\/suchtpraevention-eschwege.de\/wp-content\/uploads\/2013\/08\/plakat3.jpg 480w\" sizes=\"auto, (max-width: 213px) 100vw, 213px\" \/><\/a>Die Plakate wurden in allen Schulen und \u00f6ffentlichen Geb\u00e4uden, in Gesch\u00e4ften, Jugendcafes etc. ausgehangen. Die Sch\u00fcler haben sie stolz pr\u00e4sentiert. Es ist ja ihr Plakat. Das Ziel ist erreicht. Die Motivation lautet: ,,Sprecht uns an, wir sind einer von Euch, habt Mut!&#8220; Die Poster h\u00e4ngen in ihren Zimmern. Freunde und Familie sehen sie. Das Thema ist somit \u00fcberall pr\u00e4sent und vervielf\u00e4ltigt sich im Schneeballeffekt.<\/p>\n<p>Die Sch\u00fcler sind die Multiplikatoren. Vielen Jugendlichen f\u00e4llt es leichter, durch die direkte Beziehung zu den Sch\u00fclern, sich mit dem Thema auseinanderzusetzen. Durch diese pers\u00f6nlichen Kontakte haben wir ein hohes Interesse bei der Zielgruppe geweckt und erreichen somit geringe Streuverluste.<\/p>\n<p>Das Plakat ist provozierend, weckt Fragen und bringt die Menschen untereinander ins Gespr\u00e4ch. Die Jugendlichen sind in ihrem Selbstwertgef\u00fchl gest\u00e4rkt und haben Mut zum ,,Nein zu Drogen&#8220; sagen.<\/p>\n<p><a href=\"https:\/\/suchtpraevention-eschwege.de\/wp-content\/uploads\/2013\/08\/Dokumentation_plakataktion.pdf\">Dokumentation_plakataktion<\/a><\/p>\n\n\t\t\t<div id='gallery-795-1' class='gallery gallery-795'>\n\t\t\t\t<div class='gallery-row gallery-col-3 gallery-clear'>\n\t\t\t\t\t<figure class='gallery-item col-3'>\n\t\t\t\t\t\t<div class='gallery-icon '><a href='https:\/\/suchtpraevention-eschwege.de\/?attachment_id=1005'><img loading=\"lazy\" decoding=\"async\" width=\"150\" height=\"150\" src=\"https:\/\/suchtpraevention-eschwege.de\/wp-content\/uploads\/2013\/08\/BSA6-150x150.jpg\" class=\"attachment-thumbnail size-thumbnail\" alt=\"\" \/><\/a><\/div>\n\t\t\t\t\t<\/figure>\n\t\t\t\t\t<figure class='gallery-item col-3'>\n\t\t\t\t\t\t<div class='gallery-icon '><a href='https:\/\/suchtpraevention-eschwege.de\/?attachment_id=1006'><img loading=\"lazy\" decoding=\"async\" width=\"150\" height=\"150\" src=\"https:\/\/suchtpraevention-eschwege.de\/wp-content\/uploads\/2013\/08\/WF5-150x150.jpg\" class=\"attachment-thumbnail size-thumbnail\" alt=\"\" \/><\/a><\/div>\n\t\t\t\t\t<\/figure>\n\t\t\t\t\t<figure class='gallery-item col-3'>\n\t\t\t\t\t\t<div class='gallery-icon '><a href='https:\/\/suchtpraevention-eschwege.de\/?attachment_id=1007'><img loading=\"lazy\" decoding=\"async\" width=\"150\" height=\"150\" src=\"https:\/\/suchtpraevention-eschwege.de\/wp-content\/uploads\/2013\/08\/plakat1-150x150.jpg\" class=\"attachment-thumbnail size-thumbnail\" alt=\"\" \/><\/a><\/div>\n\t\t\t\t\t<\/figure>\n\t\t\t\t<\/div>\n\t\t\t\t<div class='gallery-row gallery-col-3 gallery-clear'>\n\t\t\t\t\t<figure class='gallery-item col-3'>\n\t\t\t\t\t\t<div class='gallery-icon '><a href='https:\/\/suchtpraevention-eschwege.de\/?attachment_id=1008'><img loading=\"lazy\" decoding=\"async\" width=\"150\" height=\"150\" src=\"https:\/\/suchtpraevention-eschwege.de\/wp-content\/uploads\/2013\/08\/plakat2a-150x150.jpg\" class=\"attachment-thumbnail size-thumbnail\" alt=\"\" \/><\/a><\/div>\n\t\t\t\t\t<\/figure>\n\t\t\t\t\t<figure class='gallery-item col-3'>\n\t\t\t\t\t\t<div class='gallery-icon '><a href='https:\/\/suchtpraevention-eschwege.de\/?attachment_id=1009'><img loading=\"lazy\" decoding=\"async\" width=\"150\" height=\"150\" src=\"https:\/\/suchtpraevention-eschwege.de\/wp-content\/uploads\/2013\/08\/plakat31-150x150.jpg\" class=\"attachment-thumbnail size-thumbnail\" alt=\"\" \/><\/a><\/div>\n\t\t\t\t\t<\/figure>\n\t\t\t\t\t<figure class='gallery-item col-3'>\n\t\t\t\t\t\t<div class='gallery-icon '><a href='https:\/\/suchtpraevention-eschwege.de\/?attachment_id=1010'><img loading=\"lazy\" decoding=\"async\" width=\"150\" height=\"150\" src=\"https:\/\/suchtpraevention-eschwege.de\/wp-content\/uploads\/2013\/08\/plakat4-150x150.jpg\" class=\"attachment-thumbnail size-thumbnail\" alt=\"\" \/><\/a><\/div>\n\t\t\t\t\t<\/figure>\n\t\t\t\t<\/div>\n\t\t\t\t<div class='gallery-row gallery-col-3 gallery-clear'>\n\t\t\t\t\t<figure class='gallery-item col-3'>\n\t\t\t\t\t\t<div class='gallery-icon '><a href='https:\/\/suchtpraevention-eschwege.de\/?attachment_id=1011'><img loading=\"lazy\" decoding=\"async\" width=\"150\" height=\"150\" src=\"https:\/\/suchtpraevention-eschwege.de\/wp-content\/uploads\/2013\/08\/plakat5-150x150.jpg\" class=\"attachment-thumbnail size-thumbnail\" alt=\"\" srcset=\"https:\/\/suchtpraevention-eschwege.de\/wp-content\/uploads\/2013\/08\/plakat5-150x150.jpg 150w, https:\/\/suchtpraevention-eschwege.de\/wp-content\/uploads\/2013\/08\/plakat5.jpg 223w\" sizes=\"auto, (max-width: 150px) 100vw, 150px\" \/><\/a><\/div>\n\t\t\t\t\t<\/figure>\n\t\t\t\t\t<figure class='gallery-item col-3'>\n\t\t\t\t\t\t<div class='gallery-icon '><a href='https:\/\/suchtpraevention-eschwege.de\/?attachment_id=1012'><img loading=\"lazy\" decoding=\"async\" width=\"150\" height=\"150\" src=\"https:\/\/suchtpraevention-eschwege.de\/wp-content\/uploads\/2013\/08\/plakat6-150x150.jpg\" class=\"attachment-thumbnail size-thumbnail\" alt=\"\" \/><\/a><\/div>\n\t\t\t\t\t<\/figure>\n\t\t\t\t\t<figure class='gallery-item col-3'>\n\t\t\t\t\t\t<div class='gallery-icon '><a href='https:\/\/suchtpraevention-eschwege.de\/?attachment_id=1013'><img loading=\"lazy\" decoding=\"async\" width=\"146\" height=\"150\" src=\"https:\/\/suchtpraevention-eschwege.de\/wp-content\/uploads\/2013\/08\/plakat7-146x150.jpg\" class=\"attachment-thumbnail size-thumbnail\" alt=\"\" \/><\/a><\/div>\n\t\t\t\t\t<\/figure>\n\t\t\t\t<\/div>\n\t\t\t\t<div class='gallery-row gallery-col-3 gallery-clear'>\n\t\t\t\t\t<figure class='gallery-item col-3'>\n\t\t\t\t\t\t<div class='gallery-icon '><a href='https:\/\/suchtpraevention-eschwege.de\/?attachment_id=1014'><img loading=\"lazy\" decoding=\"async\" width=\"150\" height=\"150\" src=\"https:\/\/suchtpraevention-eschwege.de\/wp-content\/uploads\/2013\/08\/ANZ1-150x150.jpg\" class=\"attachment-thumbnail size-thumbnail\" alt=\"\" \/><\/a><\/div>\n\t\t\t\t\t<\/figure>\n\t\t\t\t\t<figure class='gallery-item col-3'>\n\t\t\t\t\t\t<div class='gallery-icon '><a href='https:\/\/suchtpraevention-eschwege.de\/?attachment_id=1004'><img loading=\"lazy\" decoding=\"async\" width=\"150\" height=\"150\" src=\"https:\/\/suchtpraevention-eschwege.de\/wp-content\/uploads\/2013\/08\/plakat3-150x150.jpg\" class=\"attachment-thumbnail size-thumbnail\" alt=\"\" \/><\/a><\/div>\n\t\t\t\t\t<\/figure>\n\t\t\t\t\t<figure class='gallery-item col-3'>\n\t\t\t\t\t\t<div class='gallery-icon '><a href='https:\/\/suchtpraevention-eschwege.de\/?attachment_id=1003'><img loading=\"lazy\" decoding=\"async\" width=\"150\" height=\"150\" src=\"https:\/\/suchtpraevention-eschwege.de\/wp-content\/uploads\/2013\/08\/plakat2-150x150.jpg\" class=\"attachment-thumbnail size-thumbnail\" alt=\"\" \/><\/a><\/div>\n\t\t\t\t\t<\/figure>\n\t\t\t\t<\/div>\n\t\t\t\t<div class='gallery-row gallery-col-3 gallery-clear'>\n\t\t\t\t\t<figure class='gallery-item col-3'>\n\t\t\t\t\t\t<div class='gallery-icon '><a href='https:\/\/suchtpraevention-eschwege.de\/?attachment_id=1002'><img loading=\"lazy\" decoding=\"async\" width=\"1\" height=\"1\" src=\"https:\/\/suchtpraevention-eschwege.de\/wp-content\/uploads\/2013\/08\/plakat2.bmp\" class=\"attachment-thumbnail size-thumbnail\" alt=\"\" \/><\/a><\/div>\n\t\t\t\t\t<\/figure>\n\t\t\t<\/div>\n\t\t\t<\/div><!-- .gallery -->\n\n","protected":false},"excerpt":{"rendered":"<p>Plakataktion &#8222;ErLeben, wovon das Leben wirklich &#8218;abh\u00e4ngt&#8216; Durch verschiedene Kampagnen, insbesondere auch Plakataktionen, ist in den letzten Jahren versucht worden, die \u00d6ffentlichkeit f\u00fcr das Thema Suchtpr\u00e4vention zu sensibilisieren und dabei ein allgemeines Verst\u00e4ndnis f\u00fcr die Ursachenvielfalt s\u00fcchtigen Verhaltens zu schaffen. Bei all diesen Aktionen, die durchweg sehr ansprechend und aussagekr\u00e4ftig sind, fehlte uns jedoch der [&hellip;]<\/p>\n","protected":false},"author":9,"featured_media":0,"parent":0,"menu_order":0,"comment_status":"closed","ping_status":"closed","template":"","meta":{"footnotes":""},"class_list":["post-795","page","type-page","status-publish","hentry"],"_links":{"self":[{"href":"https:\/\/suchtpraevention-eschwege.de\/index.php?rest_route=\/wp\/v2\/pages\/795","targetHints":{"allow":["GET"]}}],"collection":[{"href":"https:\/\/suchtpraevention-eschwege.de\/index.php?rest_route=\/wp\/v2\/pages"}],"about":[{"href":"https:\/\/suchtpraevention-eschwege.de\/index.php?rest_route=\/wp\/v2\/types\/page"}],"author":[{"embeddable":true,"href":"https:\/\/suchtpraevention-eschwege.de\/index.php?rest_route=\/wp\/v2\/users\/9"}],"replies":[{"embeddable":true,"href":"https:\/\/suchtpraevention-eschwege.de\/index.php?rest_route=%2Fwp%2Fv2%2Fcomments&post=795"}],"version-history":[{"count":4,"href":"https:\/\/suchtpraevention-eschwege.de\/index.php?rest_route=\/wp\/v2\/pages\/795\/revisions"}],"predecessor-version":[{"id":1019,"href":"https:\/\/suchtpraevention-eschwege.de\/index.php?rest_route=\/wp\/v2\/pages\/795\/revisions\/1019"}],"wp:attachment":[{"href":"https:\/\/suchtpraevention-eschwege.de\/index.php?rest_route=%2Fwp%2Fv2%2Fmedia&parent=795"}],"curies":[{"name":"wp","href":"https:\/\/api.w.org\/{rel}","templated":true}]}}